{"id":110,"date":"2010-08-24T14:59:50","date_gmt":"2010-08-24T14:59:50","guid":{"rendered":"http:\/\/www.satiricon.tk\/?page_id=110"},"modified":"2011-06-24T08:47:20","modified_gmt":"2011-06-24T06:47:20","slug":"qui-sommes-nous","status":"publish","type":"page","link":"https:\/\/www.satiricon.be\/?page_id=110","title":{"rendered":"Qui sommes-nous ?"},"content":{"rendered":"<p style=\"text-align: justify;\">L\u2019\u00e9quipe r\u00e9dactionnelle au grand complet de feu l\u2019hebdomadaire <strong>PAN<\/strong> (ralli\u00e9e par une belle brochette de personnes venues de tous les horizons, y compris journalistiques, litt\u00e9raires et artistiques) a eu l\u2019immense honneur, le grand plaisir et l\u2019\u00e9norme avantage de vous annoncer le lancement <strong>au 1<sup>er <\/sup>septembre\u00a02010<\/strong> d\u2019un nouveau magazine satirique on-line\u00a0:<\/p>\n<p style=\"text-align: justify;\">\n<h2 style=\"text-align: center;\"><strong><a href=\"..\/\">satiricon.be<\/a><\/strong><\/h2>\n<p style=\"text-align: justify;\">\n<p style=\"text-align: justify;\">Son sous-titre\u00a0: <strong>\u00ab\u00a0De tous les peuples de la Gaule, les Belges sont les plus graves\u00a0!\u00a0\u00bb<\/strong><\/p>\n<p style=\"text-align: justify;\">\n<p style=\"text-align: justify;\">Tout un programme, pas vrai\u00a0?<\/p>\n<p style=\"text-align: justify;\">\n<p style=\"text-align: justify;\">\u00c0 l&rsquo;instar du <em>Satiricon<\/em> de P\u00e9trone et du <em>Satyricon <\/em>de Fellini et sous le regard de la Gorgone, le ton en sera humoristique, incisif et m\u00eame mordant, \u00e9vitant toutefois soigneusement les crimes contre la langue fran\u00e7aise et le poujadisme outrancier de la concurrence.<\/p>\n<p style=\"text-align: justify;\">\n<p style=\"text-align: justify;\">Loin de la langue de bois et du politiquement correct, la ligne r\u00e9dactionnelle de <a href=\"https:\/\/www.satiricon.be\"><strong>satiricon.be<\/strong><\/a> sera inspir\u00e9e uniquement par la libert\u00e9\u00a0: de dire, d\u2019\u00e9crire et de se moquer\u00a0!<\/p>\n<p style=\"text-align: justify;\">\n<p style=\"text-align: justify;\">Des exc\u00e8s ou de la sottise nich\u00e9s au sein de la politique belge et internationale, de la justice, des m\u00e9dias, des religions, de la mode, des arts et de la culture\u2026<\/p>\n<p style=\"text-align: justify;\">\n<p style=\"text-align: justify;\">Bref, de tout ce qui gonfle de suffisance bien des baudruches contemporaines\u00a0!<\/p>\n<p style=\"text-align: justify;\">\n<p style=\"text-align: justify;\">Une libert\u00e9 revendiqu\u00e9e haut et clair, et avec insolence s\u2019il le faut\u2026<\/p>\n<p style=\"text-align: justify;\">\n<p style=\"text-align: justify;\">Une libert\u00e9 pour laquelle nous sommes pr\u00eats, comme bien des internautes, \u00e0 mourir\u00a0!<\/p>\n<p style=\"text-align: justify;\">\n<p style=\"text-align: justify;\">De rire\u2026<\/p>\n<p style=\"text-align: justify;\">\n<p style=\"text-align: right;\"><strong>P\u00c9TRONE<\/strong><\/p>\n<p style=\"text-align: right;\"><strong>et ses comparses<\/strong><\/p>\n","protected":false},"excerpt":{"rendered":"<p>L\u2019\u00e9quipe r\u00e9dactionnelle au grand complet de feu l\u2019hebdomadaire PAN (ralli\u00e9e par une belle brochette de personnes venues de tous les horizons, y compris journalistiques, litt\u00e9raires et artistiques) a eu l\u2019immense honneur, le grand plaisir et l\u2019\u00e9norme avantage de vous annoncer le lancement au 1er septembre\u00a02010 d\u2019un nouveau magazine satirique on-line\u00a0: satiricon.be Son sous-titre\u00a0: \u00ab\u00a0De tous [&hellip;]<\/p>\n","protected":false},"author":1,"featured_media":0,"parent":0,"menu_order":1,"comment_status":"open","ping_status":"closed","template":"","meta":[],"_links":{"self":[{"href":"https:\/\/www.satiricon.be\/index.php?rest_route=\/wp\/v2\/pages\/110"}],"collection":[{"href":"https:\/\/www.satiricon.be\/index.php?rest_route=\/wp\/v2\/pages"}],"about":[{"href":"https:\/\/www.satiricon.be\/index.php?rest_route=\/wp\/v2\/types\/page"}],"author":[{"embeddable":true,"href":"https:\/\/www.satiricon.be\/index.php?rest_route=\/wp\/v2\/users\/1"}],"replies":[{"embeddable":true,"href":"https:\/\/www.satiricon.be\/index.php?rest_route=%2Fwp%2Fv2%2Fcomments&post=110"}],"version-history":[{"count":13,"href":"https:\/\/www.satiricon.be\/index.php?rest_route=\/wp\/v2\/pages\/110\/revisions"}],"predecessor-version":[{"id":176,"href":"https:\/\/www.satiricon.be\/index.php?rest_route=\/wp\/v2\/pages\/110\/revisions\/176"}],"wp:attachment":[{"href":"https:\/\/www.satiricon.be\/index.php?rest_route=%2Fwp%2Fv2%2Fmedia&parent=110"}],"curies":[{"name":"wp","href":"https:\/\/api.w.org\/{rel}","templated":true}]}}